{"id":8086,"date":"2024-10-01T13:08:38","date_gmt":"2024-10-01T16:08:38","guid":{"rendered":"https:\/\/sinttelrs.org.br\/?page_id=8086"},"modified":"2024-10-01T13:14:48","modified_gmt":"2024-10-01T16:14:48","slug":"mais-notiicas","status":"publish","type":"page","link":"https:\/\/sinttelrs.org.br\/?page_id=8086","title":{"rendered":"Mais not\u00edcias"},"content":{"rendered":"\t\t<div data-elementor-type=\"wp-page\" data-elementor-id=\"8086\" class=\"elementor elementor-8086\" data-elementor-post-type=\"page\">\n\t\t\t\t<div class=\"elementor-element elementor-element-ed1bbf1 e-con-full e-flex e-con e-parent\" data-id=\"ed1bbf1\" data-element_type=\"container\">\n\t\t\t\t<\/div>\n\t\t<div class=\"elementor-element elementor-element-1a95c3e e-flex e-con-boxed e-con e-parent\" data-id=\"1a95c3e\" data-element_type=\"container\">\n\t\t\t\t\t<div class=\"e-con-inner\">\n\t\t\t\t<div class=\"elementor-element elementor-element-b97671a elementor-widget elementor-widget-elementskit-blog-posts\" data-id=\"b97671a\" data-element_type=\"widget\" data-widget_type=\"elementskit-blog-posts.default\">\n\t\t\t\t<div class=\"elementor-widget-container\">\n\t\t\t\t\t<div class=\"ekit-wid-con\" >        <div id=\"post-items--b97671a\" class=\"row post-items\">\n                    <div class=\"col-md-12\">\n\n                                    <div class=\"elementskit-blog-block-post\">\n                        <div class=\"row no-gutters\">\n                                                            <div class=\"col-md-6 order-1\">\n                                    <a href=\"https:\/\/sinttelrs.org.br\/?p=12378\" class=\"elementskit-entry-thumb\">\n                                        <img decoding=\"async\" src=\"https:\/\/sinttelrs.org.br\/wp-content\/uploads\/2026\/04\/Design-sem-nome-5.png\" alt=\"REDIR AMPLIADA TRATA DO 1\u00ba DE MAIO\">\n                                    <\/a><!-- .elementskit-entry-thumb END -->\n                                <\/div>\n                            \n                            <div class=\"col-md-6 order-2\">\n                                <div class=\"elementskit-post-body \">\n                                    <div class=\"elementskit-entry-header\">\n                                        \n                                                                                            \t\t\t\t\t                                            \n                                            \n                                                                                            \t\t\t\t<h2 class=\"entry-title\">\n\t\t\t\t\t<a href=\"https:\/\/sinttelrs.org.br\/?p=12378\">\n\t\t\t\t\t\tREDIR AMPLIADA TRATA DO 1\u00ba DE MAIO\t\t\t\t\t<\/a>\n\t\t\t\t<\/h2>\n\t\t\t                                                                                <\/div><!-- .elementskit-entry-header END -->\n\n                                                                    <\/div><!-- .elementskit-post-body END -->\n                            <\/div>\n                        <\/div>\n                    <\/div><!-- .elementskit-blog-block-post .radius .gradient-bg END -->\n                \n            <\/div>\n                    <div class=\"col-md-12\">\n\n                                    <div class=\"elementskit-blog-block-post\">\n                        <div class=\"row no-gutters\">\n                                                            <div class=\"col-md-6 order-1\">\n                                    <a href=\"https:\/\/sinttelrs.org.br\/?p=12375\" class=\"elementskit-entry-thumb\">\n                                        <img decoding=\"async\" src=\"https:\/\/sinttelrs.org.br\/wp-content\/uploads\/2026\/04\/Atencao-TRABALHADORES-E-TRABALHADORAS-NA-CLARO.png\" alt=\"ADICIONAL DE PERICULOSIDADE NA CLARO: LUTA DO SINTTEL-RS AVAN\u00c7A NA JUSTI\u00c7A\">\n                                    <\/a><!-- .elementskit-entry-thumb END -->\n                                <\/div>\n                            \n                            <div class=\"col-md-6 order-2\">\n                                <div class=\"elementskit-post-body \">\n                                    <div class=\"elementskit-entry-header\">\n                                        \n                                                                                            \t\t\t\t\t                                            \n                                            \n                                                                                            \t\t\t\t<h2 class=\"entry-title\">\n\t\t\t\t\t<a href=\"https:\/\/sinttelrs.org.br\/?p=12375\">\n\t\t\t\t\t\tADICIONAL DE PERICULOSIDADE NA CLARO: LUTA DO SINTTEL-RS AVAN\u00c7A NA JUSTI\u00c7A\t\t\t\t\t<\/a>\n\t\t\t\t<\/h2>\n\t\t\t                                                                                <\/div><!-- .elementskit-entry-header END -->\n\n                                                                    <\/div><!-- .elementskit-post-body END -->\n                            <\/div>\n                        <\/div>\n                    <\/div><!-- .elementskit-blog-block-post .radius .gradient-bg END -->\n                \n            <\/div>\n                    <div class=\"col-md-12\">\n\n                                    <div class=\"elementskit-blog-block-post\">\n                        <div class=\"row no-gutters\">\n                                                            <div class=\"col-md-6 order-1\">\n                                    <a href=\"https:\/\/sinttelrs.org.br\/?p=12372\" class=\"elementskit-entry-thumb\">\n                                        <img decoding=\"async\" src=\"https:\/\/sinttelrs.org.br\/wp-content\/uploads\/2026\/04\/Design-sem-nome-2.png\" alt=\"PRIVATIZAR FAZ MAL AO BRASIL. E QUEM PAGA A CONTA \u00c9 SEMPRE O TRABALHADOR\">\n                                    <\/a><!-- .elementskit-entry-thumb END -->\n                                <\/div>\n                            \n                            <div class=\"col-md-6 order-2\">\n                                <div class=\"elementskit-post-body \">\n                                    <div class=\"elementskit-entry-header\">\n                                        \n                                                                                            \t\t\t\t\t                                            \n                                            \n                                                                                            \t\t\t\t<h2 class=\"entry-title\">\n\t\t\t\t\t<a href=\"https:\/\/sinttelrs.org.br\/?p=12372\">\n\t\t\t\t\t\tPRIVATIZAR FAZ MAL AO BRASIL. E QUEM PAGA A CONTA \u00c9 SEMPRE O TRABALHADOR\t\t\t\t\t<\/a>\n\t\t\t\t<\/h2>\n\t\t\t                                                                                <\/div><!-- .elementskit-entry-header END -->\n\n                                                                    <\/div><!-- .elementskit-post-body END -->\n                            <\/div>\n                        <\/div>\n                    <\/div><!-- .elementskit-blog-block-post .radius .gradient-bg END -->\n                \n            <\/div>\n                    <div class=\"col-md-12\">\n\n                                    <div class=\"elementskit-blog-block-post\">\n                        <div class=\"row no-gutters\">\n                                                            <div class=\"col-md-6 order-1\">\n                                    <a href=\"https:\/\/sinttelrs.org.br\/?p=12368\" class=\"elementskit-entry-thumb\">\n                                        <img decoding=\"async\" src=\"https:\/\/sinttelrs.org.br\/wp-content\/uploads\/2026\/04\/Design-sem-nome.png\" alt=\"SINTTEL-RS PRESENTE NA MARCHA EM DEFESA DAS PAUTAS DA CLASSE TRABALHADORA\">\n                                    <\/a><!-- .elementskit-entry-thumb END -->\n                                <\/div>\n                            \n                            <div class=\"col-md-6 order-2\">\n                                <div class=\"elementskit-post-body \">\n                                    <div class=\"elementskit-entry-header\">\n                                        \n                                                                                            \t\t\t\t\t                                            \n                                            \n                                                                                            \t\t\t\t<h2 class=\"entry-title\">\n\t\t\t\t\t<a href=\"https:\/\/sinttelrs.org.br\/?p=12368\">\n\t\t\t\t\t\tSINTTEL-RS PRESENTE NA MARCHA EM DEFESA DAS PAUTAS DA CLASSE TRABALHADORA\t\t\t\t\t<\/a>\n\t\t\t\t<\/h2>\n\t\t\t                                                                                <\/div><!-- .elementskit-entry-header END -->\n\n                                                                    <\/div><!-- .elementskit-post-body END -->\n                            <\/div>\n                        <\/div>\n                    <\/div><!-- .elementskit-blog-block-post .radius .gradient-bg END -->\n                \n            <\/div>\n                    <div class=\"col-md-12\">\n\n                                    <div class=\"elementskit-blog-block-post\">\n                        <div class=\"row no-gutters\">\n                                                            <div class=\"col-md-6 order-1\">\n                                    <a href=\"https:\/\/sinttelrs.org.br\/?p=12365\" class=\"elementskit-entry-thumb\">\n                                        <img decoding=\"async\" src=\"https:\/\/sinttelrs.org.br\/wp-content\/uploads\/2026\/04\/Design-sem-nome-9.png\" alt=\"SEMIN\u00c1RIO DEBATE RISCOS PSICOSSOCIAIS E ALERTA PARA MUDAN\u00c7AS NA NR-1 QUE IMPACTAM A SA\u00daDE DOS TRABALHADORES\">\n                                    <\/a><!-- .elementskit-entry-thumb END -->\n                                <\/div>\n                            \n                            <div class=\"col-md-6 order-2\">\n                                <div class=\"elementskit-post-body \">\n                                    <div class=\"elementskit-entry-header\">\n                                        \n                                                                                            \t\t\t\t\t                                            \n                                            \n                                                                                            \t\t\t\t<h2 class=\"entry-title\">\n\t\t\t\t\t<a href=\"https:\/\/sinttelrs.org.br\/?p=12365\">\n\t\t\t\t\t\tSEMIN\u00c1RIO DEBATE RISCOS PSICOSSOCIAIS E ALERTA PARA MUDAN\u00c7AS NA NR-1 QUE IMPACTAM A SA\u00daDE DOS TRABALHADORES\t\t\t\t\t<\/a>\n\t\t\t\t<\/h2>\n\t\t\t                                                                                <\/div><!-- .elementskit-entry-header END -->\n\n                                                                    <\/div><!-- .elementskit-post-body END -->\n                            <\/div>\n                        <\/div>\n                    <\/div><!-- .elementskit-blog-block-post .radius .gradient-bg END -->\n                \n            <\/div>\n                    <div class=\"col-md-12\">\n\n                                    <div class=\"elementskit-blog-block-post\">\n                        <div class=\"row no-gutters\">\n                            \n                            <div class=\"col-md-6 order-2\">\n                                <div class=\"elementskit-post-body \">\n                                    <div class=\"elementskit-entry-header\">\n                                        \n                                                                                            \t\t\t\t\t                                            \n                                            \n                                                                                            \t\t\t\t<h2 class=\"entry-title\">\n\t\t\t\t\t<a href=\"https:\/\/sinttelrs.org.br\/?p=12353\">\n\t\t\t\t\t\t3218 Oi\/Serede\t\t\t\t\t<\/a>\n\t\t\t\t<\/h2>\n\t\t\t                                                                                <\/div><!-- .elementskit-entry-header END -->\n\n                                                                    <\/div><!-- .elementskit-post-body END -->\n                            <\/div>\n                        <\/div>\n                    <\/div><!-- .elementskit-blog-block-post .radius .gradient-bg END -->\n                \n            <\/div>\n                    <div class=\"col-md-12\">\n\n                                    <div class=\"elementskit-blog-block-post\">\n                        <div class=\"row no-gutters\">\n                                                            <div class=\"col-md-6 order-1\">\n                                    <a href=\"https:\/\/sinttelrs.org.br\/?p=12344\" class=\"elementskit-entry-thumb\">\n                                        <img decoding=\"async\" src=\"https:\/\/sinttelrs.org.br\/wp-content\/uploads\/2026\/04\/a.png\" alt=\"TIM: PPR 2025 ser\u00e1 paga dia 30 de abril\">\n                                    <\/a><!-- .elementskit-entry-thumb END -->\n                                <\/div>\n                            \n                            <div class=\"col-md-6 order-2\">\n                                <div class=\"elementskit-post-body \">\n                                    <div class=\"elementskit-entry-header\">\n                                        \n                                                                                            \t\t\t\t\t                                            \n                                            \n                                                                                            \t\t\t\t<h2 class=\"entry-title\">\n\t\t\t\t\t<a href=\"https:\/\/sinttelrs.org.br\/?p=12344\">\n\t\t\t\t\t\tTIM: PPR 2025 ser\u00e1 paga dia 30 de abril\t\t\t\t\t<\/a>\n\t\t\t\t<\/h2>\n\t\t\t                                                                                <\/div><!-- .elementskit-entry-header END -->\n\n                                                                    <\/div><!-- .elementskit-post-body END -->\n                            <\/div>\n                        <\/div>\n                    <\/div><!-- .elementskit-blog-block-post .radius .gradient-bg END -->\n                \n            <\/div>\n                    <div class=\"col-md-12\">\n\n                                    <div class=\"elementskit-blog-block-post\">\n                        <div class=\"row no-gutters\">\n                                                            <div class=\"col-md-6 order-1\">\n                                    <a href=\"https:\/\/sinttelrs.org.br\/?p=12341\" class=\"elementskit-entry-thumb\">\n                                        <img decoding=\"async\" src=\"https:\/\/sinttelrs.org.br\/wp-content\/uploads\/2026\/04\/Design-sem-nome-14.png\" alt=\"DIRE\u00c7\u00c3O DO SINTTEL-RS PARTICIPA DE REUNI\u00c3O NACIONAL DA FITRATELP E REFOR\u00c7A LUTA DA CATEGORIA\">\n                                    <\/a><!-- .elementskit-entry-thumb END -->\n                                <\/div>\n                            \n                            <div class=\"col-md-6 order-2\">\n                                <div class=\"elementskit-post-body \">\n                                    <div class=\"elementskit-entry-header\">\n                                        \n                                                                                            \t\t\t\t\t                                            \n                                            \n                                                                                            \t\t\t\t<h2 class=\"entry-title\">\n\t\t\t\t\t<a href=\"https:\/\/sinttelrs.org.br\/?p=12341\">\n\t\t\t\t\t\tDIRE\u00c7\u00c3O DO SINTTEL-RS PARTICIPA DE REUNI\u00c3O NACIONAL DA FITRATELP E REFOR\u00c7A LUTA DA CATEGORIA\t\t\t\t\t<\/a>\n\t\t\t\t<\/h2>\n\t\t\t                                                                                <\/div><!-- .elementskit-entry-header END -->\n\n                                                                    <\/div><!-- .elementskit-post-body END -->\n                            <\/div>\n                        <\/div>\n                    <\/div><!-- .elementskit-blog-block-post .radius .gradient-bg END -->\n                \n            <\/div>\n                    <div class=\"col-md-12\">\n\n                                    <div class=\"elementskit-blog-block-post\">\n                        <div class=\"row no-gutters\">\n                                                            <div class=\"col-md-6 order-1\">\n                                    <a href=\"https:\/\/sinttelrs.org.br\/?p=12334\" class=\"elementskit-entry-thumb\">\n                                        <img decoding=\"async\" src=\"https:\/\/sinttelrs.org.br\/wp-content\/uploads\/2026\/04\/Design-sem-nome-15.png\" alt=\"OI: Trabalhadores cobram cronograma de desligamentos e garantia de verbas rescis\u00f3rias\">\n                                    <\/a><!-- .elementskit-entry-thumb END -->\n                                <\/div>\n                            \n                            <div class=\"col-md-6 order-2\">\n                                <div class=\"elementskit-post-body \">\n                                    <div class=\"elementskit-entry-header\">\n                                        \n                                                                                            \t\t\t\t\t                                            \n                                            \n                                                                                            \t\t\t\t<h2 class=\"entry-title\">\n\t\t\t\t\t<a href=\"https:\/\/sinttelrs.org.br\/?p=12334\">\n\t\t\t\t\t\tOI: Trabalhadores cobram cronograma de desligamentos e garantia de verbas rescis\u00f3rias\t\t\t\t\t<\/a>\n\t\t\t\t<\/h2>\n\t\t\t                                                                                <\/div><!-- .elementskit-entry-header END -->\n\n                                                                    <\/div><!-- .elementskit-post-body END -->\n                            <\/div>\n                        <\/div>\n                    <\/div><!-- .elementskit-blog-block-post .radius .gradient-bg END -->\n                \n            <\/div>\n                    <div class=\"col-md-12\">\n\n                                    <div class=\"elementskit-blog-block-post\">\n                        <div class=\"row no-gutters\">\n                                                            <div class=\"col-md-6 order-1\">\n                                    <a href=\"https:\/\/sinttelrs.org.br\/?p=12327\" class=\"elementskit-entry-thumb\">\n                                        <img decoding=\"async\" src=\"https:\/\/sinttelrs.org.br\/wp-content\/uploads\/2026\/03\/Design-sem-nome-3.png\" alt=\"Roda de conversa promovida pela Fitratelp debateu necessidade de a\u00e7\u00f5es concretas contra o feminic\u00eddio\">\n                                    <\/a><!-- .elementskit-entry-thumb END -->\n                                <\/div>\n                            \n                            <div class=\"col-md-6 order-2\">\n                                <div class=\"elementskit-post-body \">\n                                    <div class=\"elementskit-entry-header\">\n                                        \n                                                                                            \t\t\t\t\t                                            \n                                            \n                                                                                            \t\t\t\t<h2 class=\"entry-title\">\n\t\t\t\t\t<a href=\"https:\/\/sinttelrs.org.br\/?p=12327\">\n\t\t\t\t\t\tRoda de conversa promovida pela Fitratelp debateu necessidade de a\u00e7\u00f5es concretas contra o feminic\u00eddio\t\t\t\t\t<\/a>\n\t\t\t\t<\/h2>\n\t\t\t                                                                                <\/div><!-- .elementskit-entry-header END -->\n\n                                                                    <\/div><!-- .elementskit-post-body END -->\n                            <\/div>\n                        <\/div>\n                    <\/div><!-- .elementskit-blog-block-post .radius .gradient-bg END -->\n                \n            <\/div>\n                    <div class=\"col-md-12\">\n\n                                    <div class=\"elementskit-blog-block-post\">\n                        <div class=\"row no-gutters\">\n                            \n                            <div class=\"col-md-6 order-2\">\n                                <div class=\"elementskit-post-body \">\n                                    <div class=\"elementskit-entry-header\">\n                                        \n                                                                                            \t\t\t\t\t                                            \n                                            \n                                                                                            \t\t\t\t<h2 class=\"entry-title\">\n\t\t\t\t\t<a href=\"https:\/\/sinttelrs.org.br\/?p=12317\">\n\t\t\t\t\t\t3214 Ondacom\t\t\t\t\t<\/a>\n\t\t\t\t<\/h2>\n\t\t\t                                                                                <\/div><!-- .elementskit-entry-header END -->\n\n                                                                    <\/div><!-- .elementskit-post-body END -->\n                            <\/div>\n                        <\/div>\n                    <\/div><!-- .elementskit-blog-block-post .radius .gradient-bg END -->\n                \n            <\/div>\n                    <div class=\"col-md-12\">\n\n                                    <div class=\"elementskit-blog-block-post\">\n                        <div class=\"row no-gutters\">\n                                                            <div class=\"col-md-6 order-1\">\n                                    <a href=\"https:\/\/sinttelrs.org.br\/?p=12308\" class=\"elementskit-entry-thumb\">\n                                        <img decoding=\"async\" src=\"https:\/\/sinttelrs.org.br\/wp-content\/uploads\/2026\/03\/Design-sem-nome-60.png\" alt=\"Federa\u00e7\u00f5es cobram tratamento digno para trabalhadores\/as na Oi e Serede\">\n                                    <\/a><!-- .elementskit-entry-thumb END -->\n                                <\/div>\n                            \n                            <div class=\"col-md-6 order-2\">\n                                <div class=\"elementskit-post-body \">\n                                    <div class=\"elementskit-entry-header\">\n                                        \n                                                                                            \t\t\t\t\t                                            \n                                            \n                                                                                            \t\t\t\t<h2 class=\"entry-title\">\n\t\t\t\t\t<a href=\"https:\/\/sinttelrs.org.br\/?p=12308\">\n\t\t\t\t\t\tFedera\u00e7\u00f5es cobram tratamento digno para trabalhadores\/as na Oi e Serede\t\t\t\t\t<\/a>\n\t\t\t\t<\/h2>\n\t\t\t                                                                                <\/div><!-- .elementskit-entry-header END -->\n\n                                                                    <\/div><!-- .elementskit-post-body END -->\n                            <\/div>\n                        <\/div>\n                    <\/div><!-- .elementskit-blog-block-post .radius .gradient-bg END -->\n                \n            <\/div>\n                    <div class=\"col-md-12\">\n\n                                    <div class=\"elementskit-blog-block-post\">\n                        <div class=\"row no-gutters\">\n                            \n                            <div class=\"col-md-6 order-2\">\n                                <div class=\"elementskit-post-body \">\n                                    <div class=\"elementskit-entry-header\">\n                                        \n                                                                                            \t\t\t\t\t                                            \n                                            \n                                                                                            \t\t\t\t<h2 class=\"entry-title\">\n\t\t\t\t\t<a href=\"https:\/\/sinttelrs.org.br\/?p=12301\">\n\t\t\t\t\t\t3212 Planta Interna e Rede Externa\t\t\t\t\t<\/a>\n\t\t\t\t<\/h2>\n\t\t\t                                                                                <\/div><!-- .elementskit-entry-header END -->\n\n                                                                    <\/div><!-- .elementskit-post-body END -->\n                            <\/div>\n                        <\/div>\n                    <\/div><!-- .elementskit-blog-block-post .radius .gradient-bg END -->\n                \n            <\/div>\n                    <div class=\"col-md-12\">\n\n                                    <div class=\"elementskit-blog-block-post\">\n                        <div class=\"row no-gutters\">\n                                                            <div class=\"col-md-6 order-1\">\n                                    <a href=\"https:\/\/sinttelrs.org.br\/?p=12294\" class=\"elementskit-entry-thumb\">\n                                        <img decoding=\"async\" src=\"https:\/\/sinttelrs.org.br\/wp-content\/uploads\/2026\/03\/Design-sem-nome-50.png\" alt=\"SINTTEL-RS COBRA TRANSPAR\u00caNCIA E SEGUE NA LUTA PELOS DIREITOS DOS TRABALHADORES DA SEREDE\">\n                                    <\/a><!-- .elementskit-entry-thumb END -->\n                                <\/div>\n                            \n                            <div class=\"col-md-6 order-2\">\n                                <div class=\"elementskit-post-body \">\n                                    <div class=\"elementskit-entry-header\">\n                                        \n                                                                                            \t\t\t\t\t                                            \n                                            \n                                                                                            \t\t\t\t<h2 class=\"entry-title\">\n\t\t\t\t\t<a href=\"https:\/\/sinttelrs.org.br\/?p=12294\">\n\t\t\t\t\t\tSINTTEL-RS COBRA TRANSPAR\u00caNCIA E SEGUE NA LUTA PELOS DIREITOS DOS TRABALHADORES DA SEREDE\t\t\t\t\t<\/a>\n\t\t\t\t<\/h2>\n\t\t\t                                                                                <\/div><!-- .elementskit-entry-header END -->\n\n                                                                    <\/div><!-- .elementskit-post-body END -->\n                            <\/div>\n                        <\/div>\n                    <\/div><!-- .elementskit-blog-block-post .radius .gradient-bg END -->\n                \n            <\/div>\n                    <div class=\"col-md-12\">\n\n                                    <div class=\"elementskit-blog-block-post\">\n                        <div class=\"row no-gutters\">\n                                                            <div class=\"col-md-6 order-1\">\n                                    <a href=\"https:\/\/sinttelrs.org.br\/?p=12279\" class=\"elementskit-entry-thumb\">\n                                        <img decoding=\"async\" src=\"https:\/\/sinttelrs.org.br\/wp-content\/uploads\/2026\/03\/Design-sem-nome-40.png\" alt=\"SINDICATO ACOMPANHA AUDI\u00caNCIA NA JUSTI\u00c7A DO TRABALHO SOBRE D\u00cdVIDAS DA SEREDE E DEFENDE DIREITOS DOS TRABALHADORES\">\n                                    <\/a><!-- .elementskit-entry-thumb END -->\n                                <\/div>\n                            \n                            <div class=\"col-md-6 order-2\">\n                                <div class=\"elementskit-post-body \">\n                                    <div class=\"elementskit-entry-header\">\n                                        \n                                                                                            \t\t\t\t\t                                            \n                                            \n                                                                                            \t\t\t\t<h2 class=\"entry-title\">\n\t\t\t\t\t<a href=\"https:\/\/sinttelrs.org.br\/?p=12279\">\n\t\t\t\t\t\tSINDICATO ACOMPANHA AUDI\u00caNCIA NA JUSTI\u00c7A DO TRABALHO SOBRE D\u00cdVIDAS DA SEREDE E DEFENDE DIREITOS DOS TRABALHADORES\t\t\t\t\t<\/a>\n\t\t\t\t<\/h2>\n\t\t\t                                                                                <\/div><!-- .elementskit-entry-header END -->\n\n                                                                    <\/div><!-- .elementskit-post-body END -->\n                            <\/div>\n                        <\/div>\n                    <\/div><!-- .elementskit-blog-block-post .radius .gradient-bg END -->\n                \n            <\/div>\n                    <div class=\"col-md-12\">\n\n                                    <div class=\"elementskit-blog-block-post\">\n                        <div class=\"row no-gutters\">\n                                                            <div class=\"col-md-6 order-1\">\n                                    <a href=\"https:\/\/sinttelrs.org.br\/?p=12276\" class=\"elementskit-entry-thumb\">\n                                        <img decoding=\"async\" src=\"https:\/\/sinttelrs.org.br\/wp-content\/uploads\/2026\/03\/Design-sem-nome-37.png\" alt=\"SINTTEL-RS CONVOCA TRABALHADORES DA PLANTA INTERNA E REDE EXTERNA PARA ASSEMBLEIA SOBRE A CCT 2026\/2028\">\n                                    <\/a><!-- .elementskit-entry-thumb END -->\n                                <\/div>\n                            \n                            <div class=\"col-md-6 order-2\">\n                                <div class=\"elementskit-post-body \">\n                                    <div class=\"elementskit-entry-header\">\n                                        \n                                                                                            \t\t\t\t\t                                            \n                                            \n                                                                                            \t\t\t\t<h2 class=\"entry-title\">\n\t\t\t\t\t<a href=\"https:\/\/sinttelrs.org.br\/?p=12276\">\n\t\t\t\t\t\tSINTTEL-RS CONVOCA TRABALHADORES DA PLANTA INTERNA E REDE EXTERNA PARA ASSEMBLEIA SOBRE A CCT 2026\/2028\t\t\t\t\t<\/a>\n\t\t\t\t<\/h2>\n\t\t\t                                                                                <\/div><!-- .elementskit-entry-header END -->\n\n                                                                    <\/div><!-- .elementskit-post-body END -->\n                            <\/div>\n                        <\/div>\n                    <\/div><!-- .elementskit-blog-block-post .radius .gradient-bg END -->\n                \n            <\/div>\n                    <div class=\"col-md-12\">\n\n                                    <div class=\"elementskit-blog-block-post\">\n                        <div class=\"row no-gutters\">\n                                                            <div class=\"col-md-6 order-1\">\n                                    <a href=\"https:\/\/sinttelrs.org.br\/?p=12267\" class=\"elementskit-entry-thumb\">\n                                        <img decoding=\"async\" src=\"https:\/\/sinttelrs.org.br\/wp-content\/uploads\/2026\/03\/Design-sem-nome-33.png\" alt=\"SINTTEL-RS participa de nova media\u00e7\u00e3o no TRT-4 sobre situa\u00e7\u00e3o dos trabalhadores da Oi\/Serede\">\n                                    <\/a><!-- .elementskit-entry-thumb END -->\n                                <\/div>\n                            \n                            <div class=\"col-md-6 order-2\">\n                                <div class=\"elementskit-post-body \">\n                                    <div class=\"elementskit-entry-header\">\n                                        \n                                                                                            \t\t\t\t\t                                            \n                                            \n                                                                                            \t\t\t\t<h2 class=\"entry-title\">\n\t\t\t\t\t<a href=\"https:\/\/sinttelrs.org.br\/?p=12267\">\n\t\t\t\t\t\tSINTTEL-RS participa de nova media\u00e7\u00e3o no TRT-4 sobre situa\u00e7\u00e3o dos trabalhadores da Oi\/Serede\t\t\t\t\t<\/a>\n\t\t\t\t<\/h2>\n\t\t\t                                                                                <\/div><!-- .elementskit-entry-header END -->\n\n                                                                    <\/div><!-- .elementskit-post-body END -->\n                            <\/div>\n                        <\/div>\n                    <\/div><!-- .elementskit-blog-block-post .radius .gradient-bg END -->\n                \n            <\/div>\n                    <div class=\"col-md-12\">\n\n                                    <div class=\"elementskit-blog-block-post\">\n                        <div class=\"row no-gutters\">\n                                                            <div class=\"col-md-6 order-1\">\n                                    <a href=\"https:\/\/sinttelrs.org.br\/?p=12264\" class=\"elementskit-entry-thumb\">\n                                        <img decoding=\"async\" src=\"https:\/\/sinttelrs.org.br\/wp-content\/uploads\/2026\/03\/8-DE-MARCO.png\" alt=\"8M &#8211; DIA INTERNACIONAL DA MULHER!\">\n                                    <\/a><!-- .elementskit-entry-thumb END -->\n                                <\/div>\n                            \n                            <div class=\"col-md-6 order-2\">\n                                <div class=\"elementskit-post-body \">\n                                    <div class=\"elementskit-entry-header\">\n                                        \n                                                                                            \t\t\t\t\t                                            \n                                            \n                                                                                            \t\t\t\t<h2 class=\"entry-title\">\n\t\t\t\t\t<a href=\"https:\/\/sinttelrs.org.br\/?p=12264\">\n\t\t\t\t\t\t8M &#8211; DIA INTERNACIONAL DA MULHER!\t\t\t\t\t<\/a>\n\t\t\t\t<\/h2>\n\t\t\t                                                                                <\/div><!-- .elementskit-entry-header END -->\n\n                                                                    <\/div><!-- .elementskit-post-body END -->\n                            <\/div>\n                        <\/div>\n                    <\/div><!-- .elementskit-blog-block-post .radius .gradient-bg END -->\n                \n            <\/div>\n                    <div class=\"col-md-12\">\n\n                                    <div class=\"elementskit-blog-block-post\">\n                        <div class=\"row no-gutters\">\n                                                            <div class=\"col-md-6 order-1\">\n                                    <a href=\"https:\/\/sinttelrs.org.br\/?p=12261\" class=\"elementskit-entry-thumb\">\n                                        <img decoding=\"async\" src=\"https:\/\/sinttelrs.org.br\/wp-content\/uploads\/2026\/03\/Design-sem-nome-28.png\" alt=\"CRISE DA OI EXP\u00d5E DISPUTA FINANCEIRA E REFOR\u00c7A ALERTA SOBRE DIREITOS DOS TRABALHADORES\">\n                                    <\/a><!-- .elementskit-entry-thumb END -->\n                                <\/div>\n                            \n                            <div class=\"col-md-6 order-2\">\n                                <div class=\"elementskit-post-body \">\n                                    <div class=\"elementskit-entry-header\">\n                                        \n                                                                                            \t\t\t\t\t                                            \n                                            \n                                                                                            \t\t\t\t<h2 class=\"entry-title\">\n\t\t\t\t\t<a href=\"https:\/\/sinttelrs.org.br\/?p=12261\">\n\t\t\t\t\t\tCRISE DA OI EXP\u00d5E DISPUTA FINANCEIRA E REFOR\u00c7A ALERTA SOBRE DIREITOS DOS TRABALHADORES\t\t\t\t\t<\/a>\n\t\t\t\t<\/h2>\n\t\t\t                                                                                <\/div><!-- .elementskit-entry-header END -->\n\n                                                                    <\/div><!-- .elementskit-post-body END -->\n                            <\/div>\n                        <\/div>\n                    <\/div><!-- .elementskit-blog-block-post .radius .gradient-bg END -->\n                \n            <\/div>\n                    <div class=\"col-md-12\">\n\n                                    <div class=\"elementskit-blog-block-post\">\n                        <div class=\"row no-gutters\">\n                            \n                            <div class=\"col-md-6 order-2\">\n                                <div class=\"elementskit-post-body \">\n                                    <div class=\"elementskit-entry-header\">\n                                        \n                                                                                            \t\t\t\t\t                                            \n                                            \n                                                                                            \t\t\t\t<h2 class=\"entry-title\">\n\t\t\t\t\t<a href=\"https:\/\/sinttelrs.org.br\/?p=12258\">\n\t\t\t\t\t\t3198 Operadores de Mesa Telef\u00f4nica\t\t\t\t\t<\/a>\n\t\t\t\t<\/h2>\n\t\t\t                                                                                <\/div><!-- .elementskit-entry-header END -->\n\n                                                                    <\/div><!-- .elementskit-post-body END -->\n                            <\/div>\n                        <\/div>\n                    <\/div><!-- .elementskit-blog-block-post .radius .gradient-bg END -->\n                \n            <\/div>\n                <\/div>\n       <\/div>\t\t\t\t<\/div>\n\t\t\t\t<\/div>\n\t\t\t\t\t<\/div>\n\t\t\t\t<\/div>\n\t\t\t\t<\/div>\n\t\t","protected":false},"excerpt":{"rendered":"<p>SINTTEL-RS prestigia Encontro de Delegados da AACRT Exposi\u00e7\u00e3o ao Benzeno: Trabalhadores n\u00e3o ir\u00e3o aceitar retrocessos Reuni\u00e3o no SINTTEL-RS trata da contrata\u00e7\u00e3o de MEIs 10 DE SETEMBR0 &#8211; DIA MUNDIAL DE PREVEN\u00c7\u00c3O AO SUIC\u00cdDIO SINTTEL-RS presente em encontro que debateu \u201cTrabalho e Mudan\u00e7as Clim\u00e1ticas\u201d Conversa sindical sobre terceiriza\u00e7\u00f5es Diretoria do SINTTEL-RS toma posse refor\u00e7ando o trabalho &hellip; <\/p>\n<p class=\"link-more\"><a href=\"https:\/\/sinttelrs.org.br\/?p=12258\" class=\"more-link\">Continue lendo<span class=\"screen-reader-text\"> &#8220;3198 Operadores de Mesa Telef\u00f4nica&#8221;<\/span><\/a><\/p>\n","protected":false},"author":1,"featured_media":0,"parent":0,"menu_order":0,"comment_status":"closed","ping_status":"closed","template":"","meta":{"footnotes":""},"data-base":[],"seguimento-empresa":[],"class_list":["post-8086","page","type-page","status-publish","hentry"],"_links":{"self":[{"href":"https:\/\/sinttelrs.org.br\/index.php?rest_route=\/wp\/v2\/pages\/8086","targetHints":{"allow":["GET"]}}],"collection":[{"href":"https:\/\/sinttelrs.org.br\/index.php?rest_route=\/wp\/v2\/pages"}],"about":[{"href":"https:\/\/sinttelrs.org.br\/index.php?rest_route=\/wp\/v2\/types\/page"}],"author":[{"embeddable":true,"href":"https:\/\/sinttelrs.org.br\/index.php?rest_route=\/wp\/v2\/users\/1"}],"replies":[{"embeddable":true,"href":"https:\/\/sinttelrs.org.br\/index.php?rest_route=%2Fwp%2Fv2%2Fcomments&post=8086"}],"version-history":[{"count":25,"href":"https:\/\/sinttelrs.org.br\/index.php?rest_route=\/wp\/v2\/pages\/8086\/revisions"}],"predecessor-version":[{"id":8112,"href":"https:\/\/sinttelrs.org.br\/index.php?rest_route=\/wp\/v2\/pages\/8086\/revisions\/8112"}],"wp:attachment":[{"href":"https:\/\/sinttelrs.org.br\/index.php?rest_route=%2Fwp%2Fv2%2Fmedia&parent=8086"}],"wp:term":[{"taxonomy":"data-base","embeddable":true,"href":"https:\/\/sinttelrs.org.br\/index.php?rest_route=%2Fwp%2Fv2%2Fdata-base&post=8086"},{"taxonomy":"seguimento-empresa","embeddable":true,"href":"https:\/\/sinttelrs.org.br\/index.php?rest_route=%2Fwp%2Fv2%2Fseguimento-empresa&post=8086"}],"curies":[{"name":"wp","href":"https:\/\/api.w.org\/{rel}","templated":true}]}}